{"id":1999,"date":"2020-09-25T13:22:06","date_gmt":"2020-09-25T10:22:06","guid":{"rendered":"https:\/\/slowlearning.eu\/el-proyecto\/"},"modified":"2020-09-25T14:01:18","modified_gmt":"2020-09-25T11:01:18","slug":"el-proyecto","status":"publish","type":"page","link":"https:\/\/slowlearning.eu\/es\/el-proyecto\/","title":{"rendered":"El proyecto"},"content":{"rendered":"<p>[vc_row][vc_column][vc_column_text]<\/p>\n<h2 style=\"text-align: center;\">\u00bfPor qu\u00e9 necesitamos proyecto slowlearning?<\/h2>\n<p>[\/vc_column_text][vc_column_text]<\/p>\n<p style=\"text-align: justify;\"><img loading=\"lazy\" decoding=\"async\" class=\"size-full wp-image-813 alignleft\" src=\"https:\/\/slowlearning.eu\/wp-content\/uploads\/2020\/03\/snails-project-menu-01_300p.png\" alt=\"slowlearning PGA\" width=\"300\" height=\"300\" srcset=\"https:\/\/slowlearning.eu\/wp-content\/uploads\/2020\/03\/snails-project-menu-01_300p.png 300w, https:\/\/slowlearning.eu\/wp-content\/uploads\/2020\/03\/snails-project-menu-01_300p-150x150.png 150w\" sizes=\"auto, (max-width: 300px) 100vw, 300px\" \/><\/p>\n<p>El aprendizaje y la educaci\u00f3n pueden desempe\u00f1ar un papel muy importante en la reducci\u00f3n de la segregaci\u00f3n por edad, ya que regula el desequilibrio entre generaciones y abre nuevas oportunidades para la inclusi\u00f3n social de las personas mayores.<br \/>A pesar del hecho de que existe la necesidad de proporcionar mejores oportunidades para la educaci\u00f3n de personas mayores y la educaci\u00f3n y el aprendizaje intergeneracional, la educaci\u00f3n de las personas mayores sigue siendo hoy en d\u00eda una actividad secundaria, esto se refleja tanto en el desarrollo te\u00f3rico como en el pr\u00e1ctico (en particular, en el desarrollo de programas y habilidades de proveedores de educaci\u00f3n para personas mayores).<br \/>La formaci\u00f3n de personas mayores requiere proveedores andrag\u00f3gicamente bien entrenados, que est\u00e9n familiarizados con la teor\u00eda y la pr\u00e1ctica de la educaci\u00f3n de adultos, conozcan las caracter\u00edsticas del itinerario vital de los miembros de los diferentes grupos de edad y los efectos que este tipo de vida ha tenido en su formaci\u00f3n. Es importante entender que se trata de un grupo de personas extremadamente diverso con necesidades muy diferentes y que por lo tanto requiere un enfoque y una metodolog\u00eda de trabajo personalizada.<\/p>\n<p>El principal problema al que se enfrentan los formadores en TIC es que no tienen las habilidades y competencias necesarias para educar a las personas mayores en el aprendizaje de las nuevas tecnolog\u00edas. Los educadores de personas mayores, y espec\u00edficamente los educadores en TIC, necesitan reconocer la evoluci\u00f3n de la vejez en la sociedad. Por un lado, son conscientes de que hay una gran diferencia educativa entre las personas mayores, pero por otro lado tambi\u00e9n saben que carecen de los conocimientos te\u00f3ricos y pr\u00e1cticos necesarios para formar a este grupo de mayores. Muchos docentes son m\u00e1s pedagogos (sistema de ense\u00f1anza escolar) que andragogos, es decir, con conocimientos b\u00e1sicos sobre metodolog\u00eda de trabajo con personas mayores.<\/p>\n<p>[\/vc_column_text][vc_empty_space height=\u00bb40px\u00bb][\/vc_column][\/vc_row][vc_row][vc_column width=\u00bb3\/4&#8243; col_shadow=\u00bbbox_shadow_enable:disable|shadow_horizontal:0|shadow_vertical:15|shadow_blur:50|shadow_spread:0|box_shadow_color:rgba(0%2C0%2C0%2C0.35)\u00bb col_shadow_hover=\u00bbbox_shadow_enable:disable|shadow_horizontal:0|shadow_vertical:15|shadow_blur:50|shadow_spread:0|box_shadow_color:rgba(0%2C0%2C0%2C0.35)\u00bb][vc_column_text]<\/p>\n<h2 style=\"text-align: center;\">Los objetivos<\/h2>\n<p>Objetivos principales del proyecto:<\/p>\n<ul>\n<li>Mejor comprensi\u00f3n de las expectativas y necesidades de las personas mayores en los entornos de aprendizaje, centr\u00e1ndose en la capacitaci\u00f3n en TIC<\/li>\n<li>Mejor conocimiento y uso de herramientas pedag\u00f3gicas para educar a las personas mayores en nuevas tecnolog\u00edas<\/li>\n<li>Intercambiar buenas pr\u00e1cticas entre los socios<\/li>\n<li>Crear los fundamentos te\u00f3ricos b\u00e1sicos para la implementaci\u00f3n de la educaci\u00f3n en TIC de personas mayores<\/li>\n<li>Reconocer a las personas mayores como un grupo diverso de estudiantes adultos, para quienes la educaci\u00f3n se est\u00e1 preparando en funci\u00f3n de sus necesidades concretas.<\/li>\n<\/ul>\n<p>[\/vc_column_text][vc_empty_space height=\u00bb40px\u00bb][\/vc_column][vc_column width=\u00bb1\/4&#8243; col_shadow=\u00bbbox_shadow_enable:disable|shadow_horizontal:0|shadow_vertical:15|shadow_blur:50|shadow_spread:0|box_shadow_color:rgba(0%2C0%2C0%2C0.35)\u00bb col_shadow_hover=\u00bbbox_shadow_enable:disable|shadow_horizontal:0|shadow_vertical:15|shadow_blur:50|shadow_spread:0|box_shadow_color:rgba(0%2C0%2C0%2C0.35)\u00bb]<\/p>\n<p>[dfd_single_image image=\u00bb814&#8243;][vc_empty_space height=\u00bb40px\u00bb]<\/p>\n<p>[\/vc_column][\/vc_row][vc_row][vc_column width=\u00bb1\/4&#8243;]<\/p>\n<p>[dfd_single_image image=\u00bb1059&#8243;][vc_empty_space height=\u00bb40px\u00bb]<\/p>\n<p>[\/vc_column][vc_column width=\u00bb3\/4&#8243;][vc_column_text]<\/p>\n<h2 style=\"text-align: center;\">Grupo Objetivos<\/h2>\n<p>Los principales grupos objetivo del proyecto son formadores de personas adultas, docentes, mentores\/as, profesionales en TIC, para:<\/p>\n<ul>\n<li>Adquirir conciencia, conocimiento y herramientas pedag\u00f3gicas;<\/li>\n<li>Desarrollar competencias clave para trabajar con personas mayores;<\/li>\n<li>Adoptar habilidades pr\u00e1cticas para incrementar la calidad y la eficiencia de la implementaci\u00f3n de los programas no formales en TIC para personas mayores<\/li>\n<\/ul>\n<p>El grupo objetivo secundario estar\u00e1 formado por personas mayores que ver\u00e1n mejoradas su accesibilidad a las actividades de aprendizaje no formales en TIC. \u00c9stas habr\u00e1n sido especialmente adaptadas a sus necesidades y expectativas.<\/p>\n<p>[\/vc_column_text][vc_empty_space height=\u00bb40px\u00bb][\/vc_column][\/vc_row][vc_row][vc_column width=\u00bb3\/4&#8243;][vc_column_text]<\/p>\n<h2 style=\"text-align: center;\">Resultados<\/h2>\n<p>Breve descripci\u00f3n de los resultados:<\/p>\n<ul>\n<li>\n<h5><a href=\"https:\/\/slowlearning.eu\/es\/compendio\/\" target=\"_blank\" rel=\"noopener noreferrer\">Compendio de pr\u00e1cticas y herramientas innovadoras y efectivas existentes en la ense\u00f1anza de la tecnolog\u00eda para personas mayores<\/a><\/h5>\n<\/li>\n<li>\n<h5><a href=\"https:\/\/slowlearning.eu\/es\/perfil-profesional-del-de-la-formador-a-en-tic\/\" target=\"_blank\" rel=\"noopener noreferrer\">Perfil laboral de formador en TIC para personas mayores<\/a><\/h5>\n<\/li>\n<li>\n<h5><a href=\"https:\/\/slowlearning.eu\/es\/formacion\/\" target=\"_blank\" rel=\"noopener noreferrer\">Programa de formaci\u00f3n para formadores en TIC<\/a><\/h5>\n<\/li>\n<li>\n<h5><span style=\"color: #521e98;\">Video para compartir las experiencias de \u00e9xito entre docentes y personas mayores<\/span><\/h5>\n<\/li>\n<\/ul>\n<p>[\/vc_column_text][vc_empty_space height=\u00bb40px\u00bb][\/vc_column][vc_column width=\u00bb1\/4&#8243;]<\/p>\n<p>[dfd_single_image image=\u00bb819&#8243; tutorials=\u00bb\u00bb][vc_empty_space height=\u00bb40px\u00bb]<\/p>\n<p>[\/vc_column][\/vc_row][vc_row][vc_column width=\u00bb1\/4&#8243;]<\/p>\n<p>[dfd_single_image image=\u00bb824&#8243;][vc_empty_space height=\u00bb40px\u00bb]<\/p>\n<p>[\/vc_column][vc_column width=\u00bb3\/4&#8243;][vc_column_text]<\/p>\n<h2 style=\"text-align: center;\">Impacto<\/h2>\n<p style=\"text-align: justify;\">El impacto previsto y los posibles beneficios a largo plazo son:<\/p>\n<ul>\n<li style=\"text-align: justify;\">Las herramientas creadas permanecer\u00e1n dentro de la cultura laboral de las organizaciones involucradas y se convertir\u00e1n en una nueva forma de implementar acciones estrat\u00e9gicas, con el objetivo de crear el perfil profesional de formador en TIC para personas mayores<\/li>\n<li style=\"text-align: justify;\">Las metodolog\u00edas y herramientas formativas estar\u00e1n disponibles en el sitio web del proyecto y en la red de proveedores educativos y profesionales en TIC. Los materiales podr\u00e1n ser utilizados, replicados o adaptados a las necesidades del momento<\/li>\n<li style=\"text-align: justify;\">La red creada por el proyecto tambi\u00e9n ser\u00e1 un espacio en el que las organizaciones podr\u00e1n compartir sus buenas pr\u00e1cticas, herramientas, metodolog\u00edas, dificultades y resultados.<\/li>\n<\/ul>\n<p>[\/vc_column_text][vc_empty_space height=\u00bb40px\u00bb][\/vc_column][\/vc_row]<\/p>\n","protected":false},"excerpt":{"rendered":"<p>[vc_row][vc_column][vc_column_text] \u00bfPor qu\u00e9 necesitamos proyecto slowlearning? [\/vc_column_text][vc_column_text] El aprendizaje y la educaci\u00f3n pueden desempe\u00f1ar un papel muy importante en la reducci\u00f3n de la segregaci\u00f3n por edad, ya que regula el<\/p>\n","protected":false},"author":1,"featured_media":1241,"parent":0,"menu_order":0,"comment_status":"closed","ping_status":"closed","template":"tmp-page.php","meta":{"footnotes":""},"class_list":["post-1999","page","type-page","status-publish","has-post-thumbnail","hentry"],"yoast_head":"<!-- This site is optimized with the Yoast SEO plugin v19.6 - https:\/\/yoast.com\/wordpress\/plugins\/seo\/ -->\n<title>El proyecto - SLOW LEARNING<\/title>\n<meta name=\"description\" content=\"Eche un vistazo a los detalles de nuestro proyecto slowlearning. \u00bfC\u00f3mo debemos ense\u00f1ar a las personas mayores sobre las aplicaciones de TI b\u00e1sicas que se utilizan en nuestra rutina diaria? \u00a1Vamos a averiguar!\" \/>\n<meta name=\"robots\" content=\"index, follow, max-snippet:-1, max-image-preview:large, max-video-preview:-1\" \/>\n<link rel=\"canonical\" href=\"https:\/\/slowlearning.eu\/es\/el-proyecto\/\" \/>\n<meta property=\"og:locale\" content=\"es_ES\" \/>\n<meta property=\"og:type\" content=\"article\" \/>\n<meta property=\"og:title\" content=\"El proyecto - SLOW LEARNING\" \/>\n<meta property=\"og:description\" content=\"Eche un vistazo a los detalles de nuestro proyecto slowlearning. \u00bfC\u00f3mo debemos ense\u00f1ar a las personas mayores sobre las aplicaciones de TI b\u00e1sicas que se utilizan en nuestra rutina diaria? \u00a1Vamos a averiguar!\" \/>\n<meta property=\"og:url\" content=\"https:\/\/slowlearning.eu\/es\/el-proyecto\/\" \/>\n<meta property=\"og:site_name\" content=\"SLOW LEARNING\" \/>\n<meta property=\"article:modified_time\" content=\"2020-09-25T11:01:18+00:00\" \/>\n<meta property=\"og:image\" content=\"https:\/\/slowlearning.eu\/wp-content\/uploads\/2020\/03\/featured-image-project.jpg\" \/>\n\t<meta property=\"og:image:width\" content=\"1200\" \/>\n\t<meta property=\"og:image:height\" content=\"630\" \/>\n\t<meta property=\"og:image:type\" content=\"image\/jpeg\" \/>\n<meta name=\"twitter:card\" content=\"summary_large_image\" \/>\n<meta name=\"twitter:label1\" content=\"Tiempo de lectura\" \/>\n\t<meta name=\"twitter:data1\" content=\"5 minutos\" \/>\n<script type=\"application\/ld+json\" class=\"yoast-schema-graph\">{\"@context\":\"https:\/\/schema.org\",\"@graph\":[{\"@type\":\"WebPage\",\"@id\":\"https:\/\/slowlearning.eu\/es\/el-proyecto\/\",\"url\":\"https:\/\/slowlearning.eu\/es\/el-proyecto\/\",\"name\":\"El proyecto - SLOW LEARNING\",\"isPartOf\":{\"@id\":\"https:\/\/slowlearning.eu\/el\/#website\"},\"datePublished\":\"2020-09-25T10:22:06+00:00\",\"dateModified\":\"2020-09-25T11:01:18+00:00\",\"description\":\"Eche un vistazo a los detalles de nuestro proyecto slowlearning. \u00bfC\u00f3mo debemos ense\u00f1ar a las personas mayores sobre las aplicaciones de TI b\u00e1sicas que se utilizan en nuestra rutina diaria? \u00a1Vamos a averiguar!\",\"breadcrumb\":{\"@id\":\"https:\/\/slowlearning.eu\/es\/el-proyecto\/#breadcrumb\"},\"inLanguage\":\"es\",\"potentialAction\":[{\"@type\":\"ReadAction\",\"target\":[\"https:\/\/slowlearning.eu\/es\/el-proyecto\/\"]}]},{\"@type\":\"BreadcrumbList\",\"@id\":\"https:\/\/slowlearning.eu\/es\/el-proyecto\/#breadcrumb\",\"itemListElement\":[{\"@type\":\"ListItem\",\"position\":1,\"name\":\"Home\",\"item\":\"https:\/\/slowlearning.eu\/es\/\"},{\"@type\":\"ListItem\",\"position\":2,\"name\":\"El proyecto\"}]},{\"@type\":\"WebSite\",\"@id\":\"https:\/\/slowlearning.eu\/el\/#website\",\"url\":\"https:\/\/slowlearning.eu\/el\/\",\"name\":\"SLOW LEARNING\",\"description\":\"IT for elders\",\"potentialAction\":[{\"@type\":\"SearchAction\",\"target\":{\"@type\":\"EntryPoint\",\"urlTemplate\":\"https:\/\/slowlearning.eu\/el\/?s={search_term_string}\"},\"query-input\":\"required name=search_term_string\"}],\"inLanguage\":\"es\"}]}<\/script>\n<!-- \/ Yoast SEO plugin. -->","yoast_head_json":{"title":"El proyecto - SLOW LEARNING","description":"Eche un vistazo a los detalles de nuestro proyecto slowlearning. \u00bfC\u00f3mo debemos ense\u00f1ar a las personas mayores sobre las aplicaciones de TI b\u00e1sicas que se utilizan en nuestra rutina diaria? \u00a1Vamos a averiguar!","robots":{"index":"index","follow":"follow","max-snippet":"max-snippet:-1","max-image-preview":"max-image-preview:large","max-video-preview":"max-video-preview:-1"},"canonical":"https:\/\/slowlearning.eu\/es\/el-proyecto\/","og_locale":"es_ES","og_type":"article","og_title":"El proyecto - SLOW LEARNING","og_description":"Eche un vistazo a los detalles de nuestro proyecto slowlearning. \u00bfC\u00f3mo debemos ense\u00f1ar a las personas mayores sobre las aplicaciones de TI b\u00e1sicas que se utilizan en nuestra rutina diaria? \u00a1Vamos a averiguar!","og_url":"https:\/\/slowlearning.eu\/es\/el-proyecto\/","og_site_name":"SLOW LEARNING","article_modified_time":"2020-09-25T11:01:18+00:00","og_image":[{"width":1200,"height":630,"url":"https:\/\/slowlearning.eu\/wp-content\/uploads\/2020\/03\/featured-image-project.jpg","type":"image\/jpeg"}],"twitter_card":"summary_large_image","twitter_misc":{"Tiempo de lectura":"5 minutos"},"schema":{"@context":"https:\/\/schema.org","@graph":[{"@type":"WebPage","@id":"https:\/\/slowlearning.eu\/es\/el-proyecto\/","url":"https:\/\/slowlearning.eu\/es\/el-proyecto\/","name":"El proyecto - SLOW LEARNING","isPartOf":{"@id":"https:\/\/slowlearning.eu\/el\/#website"},"datePublished":"2020-09-25T10:22:06+00:00","dateModified":"2020-09-25T11:01:18+00:00","description":"Eche un vistazo a los detalles de nuestro proyecto slowlearning. \u00bfC\u00f3mo debemos ense\u00f1ar a las personas mayores sobre las aplicaciones de TI b\u00e1sicas que se utilizan en nuestra rutina diaria? \u00a1Vamos a averiguar!","breadcrumb":{"@id":"https:\/\/slowlearning.eu\/es\/el-proyecto\/#breadcrumb"},"inLanguage":"es","potentialAction":[{"@type":"ReadAction","target":["https:\/\/slowlearning.eu\/es\/el-proyecto\/"]}]},{"@type":"BreadcrumbList","@id":"https:\/\/slowlearning.eu\/es\/el-proyecto\/#breadcrumb","itemListElement":[{"@type":"ListItem","position":1,"name":"Home","item":"https:\/\/slowlearning.eu\/es\/"},{"@type":"ListItem","position":2,"name":"El proyecto"}]},{"@type":"WebSite","@id":"https:\/\/slowlearning.eu\/el\/#website","url":"https:\/\/slowlearning.eu\/el\/","name":"SLOW LEARNING","description":"IT for elders","potentialAction":[{"@type":"SearchAction","target":{"@type":"EntryPoint","urlTemplate":"https:\/\/slowlearning.eu\/el\/?s={search_term_string}"},"query-input":"required name=search_term_string"}],"inLanguage":"es"}]}},"_links":{"self":[{"href":"https:\/\/slowlearning.eu\/es\/wp-json\/wp\/v2\/pages\/1999","targetHints":{"allow":["GET"]}}],"collection":[{"href":"https:\/\/slowlearning.eu\/es\/wp-json\/wp\/v2\/pages"}],"about":[{"href":"https:\/\/slowlearning.eu\/es\/wp-json\/wp\/v2\/types\/page"}],"author":[{"embeddable":true,"href":"https:\/\/slowlearning.eu\/es\/wp-json\/wp\/v2\/users\/1"}],"replies":[{"embeddable":true,"href":"https:\/\/slowlearning.eu\/es\/wp-json\/wp\/v2\/comments?post=1999"}],"version-history":[{"count":5,"href":"https:\/\/slowlearning.eu\/es\/wp-json\/wp\/v2\/pages\/1999\/revisions"}],"predecessor-version":[{"id":2082,"href":"https:\/\/slowlearning.eu\/es\/wp-json\/wp\/v2\/pages\/1999\/revisions\/2082"}],"wp:featuredmedia":[{"embeddable":true,"href":"https:\/\/slowlearning.eu\/es\/wp-json\/wp\/v2\/media\/1241"}],"wp:attachment":[{"href":"https:\/\/slowlearning.eu\/es\/wp-json\/wp\/v2\/media?parent=1999"}],"curies":[{"name":"wp","href":"https:\/\/api.w.org\/{rel}","templated":true}]}}